{"id":6508,"date":"2020-08-10T21:32:22","date_gmt":"2020-08-10T21:32:22","guid":{"rendered":"https:\/\/legrape.stcnetwork.ca\/?page_id=6508"},"modified":"2026-04-16T14:54:13","modified_gmt":"2026-04-16T19:54:13","slug":"equipe","status":"publish","type":"page","link":"https:\/\/legrape.ca\/index.php\/equipe\/","title":{"rendered":"equipe"},"content":{"rendered":"<div class=\"wpb-content-wrapper\"><p>[vc_row][vc_column][vc_column_text css=\u00a0\u00bb\u00a0\u00bb]<\/p>\n<h1 style=\"color: #98005d;\">Notre \u00e9quipe<\/h1>\n<h3 style=\"color: #98005d;\">Administration :<\/h3>\n<ul class=\"sansPuce\">\n<li>Mme Edith Robitaille (communication), <a href=\"mailto:communication@legrape.ca\">communication@legrape.ca<\/a><\/li>\n<\/ul>\n<h3 style=\"color: #98005d;\">Les conseillers(\u00e8res) budg\u00e9taires :<\/h3>\n<ul class=\"sansPuce\">\n<li>Mme Francine L\u00e9gar\u00e9, <a href=\"mailto:f.legare@legrape.ca\">f.legare@legrape.ca<\/a><\/li>\n<li>M. S\u00e9bastien Brinck-Martel, <a href=\"mailto:s.bmartel@legrape.ca\">s.bmartel@legrape.ca<\/a><\/li>\n<li>M. Andr\u00e9 Diderot (service de la fiducie volontaire), <a href=\"mailto:a.diderot@legrape.ca\">a.diderot@legrape.ca<\/a><\/li>\n<\/ul>\n<h3 style=\"color: #98005d;\">La direction\u00a0:<\/h3>\n<ul class=\"sansPuce\">\n<li>Mme Lydia Didier, directrice g\u00e9n\u00e9rale, <a href=\"mailto: l.didier@legrape.ca\">l.didier@legrape.ca<\/a><\/li>\n<\/ul>\n<h3 style=\"color: #98005d;\">Le conseil d\u2019administration\u00a0:<\/h3>\n<p>Le conseil d\u2019administration a pour mandat de faire des recommandations touchant les orientations g\u00e9n\u00e9rales du GRAPE et le plan d\u2019action \u00e0 l\u2019assembl\u00e9e g\u00e9n\u00e9rale annuelle qui les adopte. Il voit \u00e9galement \u00e0 la saine gestion financi\u00e8re de l\u2019organisme.<\/p>\n<ul class=\"sansPuce\">\n<li>M. Raymond Jeudi, Pr\u00e9sident<\/li>\n<li>Mme. Nathalie Gu\u00e9chi, Vice-Pr\u00e9sidente<\/li>\n<li>M. Ren\u00e9-Paul Coly, Tr\u00e9sorier<\/li>\n<li>M. St\u00e9phane Trudel, Secr\u00e9taire<\/li>\n<li>M. Yves-Martin Cantave, Administrateur<\/li>\n<li>M. Gaston Lafleur, Administrateur<\/li>\n<li>Mme V\u00e9ronique Moreau, Administratrice<\/li>\n<\/ul>\n<p>[\/vc_column_text][\/vc_column][\/vc_row]<\/p>\n<\/div>","protected":false},"excerpt":{"rendered":"<p>[vc_row][vc_column][vc_column_text css=\u00a0\u00bb\u00a0\u00bb] Notre \u00e9quipe Administration : Mme Edith Robitaille (communication), communication@legrape.ca Les conseillers(\u00e8res) budg\u00e9taires : Mme Francine L\u00e9gar\u00e9, f.legare@legrape.ca M. S\u00e9bastien Brinck-Martel, s.bmartel@legrape.ca M. Andr\u00e9 Diderot (service de la fiducie volontaire), a.diderot@legrape.ca La direction\u00a0: Mme Lydia Didier, directrice g\u00e9n\u00e9rale, l.didier@legrape.ca Le conseil d\u2019administration\u00a0: Le conseil d\u2019administration a pour mandat de faire des recommandations touchant les [&hellip;]<\/p>\n","protected":false},"author":1,"featured_media":0,"parent":0,"menu_order":0,"comment_status":"closed","ping_status":"closed","template":"","meta":{"footnotes":""},"class_list":["post-6508","page","type-page","status-publish","hentry"],"_links":{"self":[{"href":"https:\/\/legrape.ca\/index.php\/wp-json\/wp\/v2\/pages\/6508","targetHints":{"allow":["GET"]}}],"collection":[{"href":"https:\/\/legrape.ca\/index.php\/wp-json\/wp\/v2\/pages"}],"about":[{"href":"https:\/\/legrape.ca\/index.php\/wp-json\/wp\/v2\/types\/page"}],"author":[{"embeddable":true,"href":"https:\/\/legrape.ca\/index.php\/wp-json\/wp\/v2\/users\/1"}],"replies":[{"embeddable":true,"href":"https:\/\/legrape.ca\/index.php\/wp-json\/wp\/v2\/comments?post=6508"}],"version-history":[{"count":10,"href":"https:\/\/legrape.ca\/index.php\/wp-json\/wp\/v2\/pages\/6508\/revisions"}],"predecessor-version":[{"id":7745,"href":"https:\/\/legrape.ca\/index.php\/wp-json\/wp\/v2\/pages\/6508\/revisions\/7745"}],"wp:attachment":[{"href":"https:\/\/legrape.ca\/index.php\/wp-json\/wp\/v2\/media?parent=6508"}],"curies":[{"name":"wp","href":"https:\/\/api.w.org\/{rel}","templated":true}]}}